{"id":1432,"date":"2023-08-10T12:24:24","date_gmt":"2023-08-10T12:24:24","guid":{"rendered":"https:\/\/www.flamengos.pt\/jff\/?page_id=1432"},"modified":"2023-09-07T00:22:34","modified_gmt":"2023-09-07T00:22:34","slug":"mensagem","status":"publish","type":"page","link":"https:\/\/www.flamengos.pt\/jff\/autarquia\/mensagem\/","title":{"rendered":"Mensagem"},"content":{"rendered":"\n<div class=\"wp-block-columns is-layout-flex wp-container-core-columns-is-layout-9d6595d7 wp-block-columns-is-layout-flex\">\n<div class=\"wp-block-column is-layout-flow wp-block-column-is-layout-flow\" style=\"flex-basis:33.33%\">\n<figure class=\"wp-block-image size-full is-resized\"><img decoding=\"async\" src=\"https:\/\/www.flamengos.pt\/jff\/wp-content\/uploads\/2023\/08\/Flamengos_Jose-Amaral-removebg-preview.png\" alt=\"\" class=\"wp-image-1436\" style=\"width:272px;height:272px\" width=\"272\" height=\"272\" srcset=\"https:\/\/www.flamengos.pt\/jff\/wp-content\/uploads\/2023\/08\/Flamengos_Jose-Amaral-removebg-preview.png 500w, https:\/\/www.flamengos.pt\/jff\/wp-content\/uploads\/2023\/08\/Flamengos_Jose-Amaral-removebg-preview-300x300.png 300w, https:\/\/www.flamengos.pt\/jff\/wp-content\/uploads\/2023\/08\/Flamengos_Jose-Amaral-removebg-preview-150x150.png 150w\" sizes=\"(max-width: 272px) 100vw, 272px\" \/><\/figure>\n<\/div>\n\n\n\n<div class=\"wp-block-column is-layout-flow wp-block-column-is-layout-flow\" style=\"flex-basis:66.66%\">\n<p>Bem vindo \u00e0 nova p\u00e1gina na internet da Junta de Freguesia dos Flamengos,<\/p>\n\n\n\n<p>Na defini\u00e7\u00e3o do novo website tivemos como objetivo principal facilitar o modo de navega\u00e7\u00e3o para que, encontre melhor a informa\u00e7\u00e3o que procura e se sinta convidado a interagir de uma forma mais r\u00e1pida e c\u00f3moda com a Junta de Freguesia.<\/p>\n\n\n\n<p>A forma como os temas est\u00e3o dispostos facilita a consulta da oferta cultural e dos eventos a decorrer e que acontecem nos Flamengos, para al\u00e9m de tamb\u00e9m conhecer os recursos da sua freguesia, em termos de Alojamento, Com\u00e9rcio e Servi\u00e7os.<\/p>\n\n\n\n<p>\u00c9 no sentido da intera\u00e7\u00e3o e da comunica\u00e7\u00e3o que queremos que esta nova p\u00e1gina evolua e por isso convidamos a que se inscreva na nova newsletter.<\/p>\n<\/div>\n<\/div>\n\n\n\n<p>Pretendemos que esta p\u00e1gina possa tamb\u00e9m servir para nos fazer chegar as suas sugest\u00f5es, elogios e cr\u00edticas, para que possamos, naquilo que est\u00e1 ao nosso alcance, melhorarmos os servi\u00e7os que prestamos a todos os fregueses.<\/p>\n\n\n\n<p>Somos uma freguesia com muito potencial de desenvolvimento, saibamos de uma forma positiva transformar os nossos Flamengos num \u201cVale de Sonho\u201d.<\/p>\n\n\n\n<p class=\"has-text-align-right\">Ao dispor,<\/p>\n\n\n\n<p class=\"has-text-align-right\">               <strong>Presidente da Junta de Freguesia<\/strong><\/p>\n\n\n\n<ul class=\"wp-block-social-links has-visible-labels has-icon-color is-style-logos-only is-content-justification-right is-layout-flex wp-container-core-social-links-is-layout-765c4724 wp-block-social-links-is-layout-flex\"><li style=\"color:#000000;\" class=\"wp-social-link wp-social-link-facebook has-black-color wp-block-social-link\"><a rel=\"noopener nofollow\" target=\"_blank\" href=\"https:\/\/www.facebook.com\/jose.amaral.7902\" class=\"wp-block-social-link-anchor\"><svg width=\"24\" height=\"24\" viewBox=\"0 0 24 24\" version=\"1.1\" xmlns=\"http:\/\/www.w3.org\/2000\/svg\" aria-hidden=\"true\" focusable=\"false\"><path d=\"M12 2C6.5 2 2 6.5 2 12c0 5 3.7 9.1 8.4 9.9v-7H7.9V12h2.5V9.8c0-2.5 1.5-3.9 3.8-3.9 1.1 0 2.2.2 2.2.2v2.5h-1.3c-1.2 0-1.6.8-1.6 1.6V12h2.8l-.4 2.9h-2.3v7C18.3 21.1 22 17 22 12c0-5.5-4.5-10-10-10z\"><\/path><\/svg><span class=\"wp-block-social-link-label\">Facebook<\/span><\/a><\/li><\/ul>\n","protected":false},"excerpt":{"rendered":"<p>Bem vindo \u00e0 nova p\u00e1gina na internet da Junta de Freguesia dos Flamengos, Na defini\u00e7\u00e3o do novo website tivemos como objetivo principal facilitar o modo de navega\u00e7\u00e3o para que, encontre &#8230;<\/p>\n","protected":false},"author":1,"featured_media":1228,"parent":1427,"menu_order":0,"comment_status":"closed","ping_status":"closed","template":"","meta":{"_EventAllDay":false,"_EventTimezone":"","_EventStartDate":"","_EventEndDate":"","_EventStartDateUTC":"","_EventEndDateUTC":"","_EventShowMap":false,"_EventShowMapLink":false,"_EventURL":"","_EventCost":"","_EventCostDescription":"","_EventCurrencySymbol":"","_EventCurrencyCode":"","_EventCurrencyPosition":"","_EventDateTimeSeparator":"","_EventTimeRangeSeparator":"","_EventOrganizerID":[],"_EventVenueID":[],"_OrganizerEmail":"","_OrganizerPhone":"","_OrganizerWebsite":"","_VenueAddress":"","_VenueCity":"","_VenueCountry":"","_VenueProvince":"","_VenueState":"","_VenueZip":"","_VenuePhone":"","_VenueURL":"","_VenueStateProvince":"","_VenueLat":"","_VenueLng":"","_VenueShowMap":false,"_VenueShowMapLink":false,"footnotes":""},"class_list":["post-1432","page","type-page","status-publish","has-post-thumbnail","hentry"],"aioseo_notices":[],"_links":{"self":[{"href":"https:\/\/www.flamengos.pt\/jff\/wp-json\/wp\/v2\/pages\/1432","targetHints":{"allow":["GET"]}}],"collection":[{"href":"https:\/\/www.flamengos.pt\/jff\/wp-json\/wp\/v2\/pages"}],"about":[{"href":"https:\/\/www.flamengos.pt\/jff\/wp-json\/wp\/v2\/types\/page"}],"author":[{"embeddable":true,"href":"https:\/\/www.flamengos.pt\/jff\/wp-json\/wp\/v2\/users\/1"}],"replies":[{"embeddable":true,"href":"https:\/\/www.flamengos.pt\/jff\/wp-json\/wp\/v2\/comments?post=1432"}],"version-history":[{"count":0,"href":"https:\/\/www.flamengos.pt\/jff\/wp-json\/wp\/v2\/pages\/1432\/revisions"}],"up":[{"embeddable":true,"href":"https:\/\/www.flamengos.pt\/jff\/wp-json\/wp\/v2\/pages\/1427"}],"wp:featuredmedia":[{"embeddable":true,"href":"https:\/\/www.flamengos.pt\/jff\/wp-json\/wp\/v2\/media\/1228"}],"wp:attachment":[{"href":"https:\/\/www.flamengos.pt\/jff\/wp-json\/wp\/v2\/media?parent=1432"}],"curies":[{"name":"wp","href":"https:\/\/api.w.org\/{rel}","templated":true}]}}