{"id":2191,"date":"2023-09-07T01:28:42","date_gmt":"2023-09-07T01:28:42","guid":{"rendered":"https:\/\/www.flamengos.pt\/jff\/?post_type=tribe_events&#038;p=2191"},"modified":"2023-09-07T01:39:24","modified_gmt":"2023-09-07T01:39:24","slug":"iii-edicao-dos-flamengos-folk","status":"publish","type":"tribe_events","link":"https:\/\/www.flamengos.pt\/jff\/evento\/iii-edicao-dos-flamengos-folk\/","title":{"rendered":"III Edi\u00e7\u00e3o dos Flamengos Folk"},"content":{"rendered":"<div  class=\"tribe-events-schedule tribe-clearfix\" >\n\t<h2 class=\"tribe-events-schedule__datetime\">\n\t\t<span class=\"tribe-events-schedule__date tribe-events-schedule__date--start\">\n\t\t\tSetembro 8, 2023\t\t<\/span>\n\n\t\t\t\t\t<span class=\"tribe-events-schedule__separator tribe-events-schedule__separator--date\">\n\t\t\t\t @ \t\t\t<\/span>\n\t\t\t<span class=\"tribe-events-schedule__time tribe-events-schedule__time--start\">\n\t\t\t\t21:00\t\t\t<\/span>\n\t\t\n\t\t\t\t\t\t\t\t\t<span class=\"tribe-events-schedule__separator tribe-events-schedule__separator--time\">\n\t\t\t\t\t &#8211; \t\t\t\t<\/span>\n\t\t\t\n\t\t\t\t\t\t\t<span class=\"tribe-events-schedule__time tribe-events-schedule__time--end\">\n\t\t\t\t\t23:00\t\t\t\t<\/span>\n\t\t\t\n\t\t\t\t\t\t<\/h2>\n<\/div>\n\n\n\n<ul class=\"wp-block-list\">\n<li>Grupo Folcl\u00f3rico CACI da Santa Casa da Miseric\u00f3rdia da Horta<\/li>\n\n\n\n<li>Tuna e Grupo Folcl\u00f3rico dos Flamengos<\/li>\n\n\n\n<li>Grupo Folcl\u00f3rico e Etnogr\u00e1fico de Castelo Branco<\/li>\n\n\n\n<li>Grupo Folcl\u00f3rico e Etnogr\u00e1fico de Pedro Miguel<\/li>\n\n\n\n<li>Grupo Etnografia e Folclore Aja Baile<\/li>\n\n\n\n<li>Grupo Folcl\u00f3rico da Casa do Povo da Cria\u00e7\u00e3o Velha da ilha do Pico<\/li>\n<\/ul>\n\n\n<div  class=\"tribe-block tribe-block__organizer__details tribe-clearfix\" >\n\t<div class=\"tribe-block__organizer__title\">\n\t\t<h3>Junta de Freguesia dos Flamengos<\/h3>\n\t<\/div>\n\t\t\t<p class=\"tribe-block__organizer__phone\">292 948 180<\/p>\n\t\t\t\t<p class=\"tribe-block__organizer__website\"><a href=\"https:\/\/www.flamengos.pt\/jff\/\" target=\"_self\" rel=\"external\">View Organizador Website<\/a><\/p>\n\t\t\t\t<p class=\"tribe-block__organizer__email\">jun&#116;a&#102;&#114;&#101;&#103;u&#101;s&#105;a&#064;&#102;&#108;&#097;&#109;&#101;n&#103;os.&#112;t<\/p>\n\t<\/div>\n\n\n<div  class=\"tribe-block tribe-block__venue tribe-clearfix\" >\n\t\n\t\t\n\t<\/div>\n\n\n\n\n\t<div  class=\"tribe-block tribe-block__events-link\" >\n\t\t<div class=\"tribe-events tribe-common\">\n\t\t\t<div class=\"tribe-events-c-subscribe-dropdown__container\">\n\t\t\t\t<div class=\"tribe-events-c-subscribe-dropdown\">\n\t\t\t\t\t<div class=\"tribe-common-c-btn-border tribe-events-c-subscribe-dropdown__button\">\n\t\t\t\t\t\t<svg  class=\"tribe-common-c-svgicon tribe-common-c-svgicon--cal-export tribe-events-c-subscribe-dropdown__export-icon\"  viewBox=\"0 0 23 17\" xmlns=\"http:\/\/www.w3.org\/2000\/svg\">\n  <path fill-rule=\"evenodd\" clip-rule=\"evenodd\" d=\"M.128.896V16.13c0 .211.145.383.323.383h15.354c.179 0 .323-.172.323-.383V.896c0-.212-.144-.383-.323-.383H.451C.273.513.128.684.128.896Zm16 6.742h-.901V4.679H1.009v10.729h14.218v-3.336h.901V7.638ZM1.01 1.614h14.218v2.058H1.009V1.614Z\" \/>\n  <path d=\"M20.5 9.846H8.312M18.524 6.953l2.89 2.909-2.855 2.855\" stroke-width=\"1.2\" stroke-linecap=\"round\" stroke-linejoin=\"round\"\/>\n<\/svg>\n\t\t\t\t\t\t<button\n\t\t\t\t\t\t\tclass=\"tribe-events-c-subscribe-dropdown__button-text\"\n\t\t\t\t\t\t\taria-expanded=\"false\"\n\t\t\t\t\t\t\taria-controls=\"tribe-events-subscribe-dropdown-content\"\n\t\t\t\t\t\t\taria-label=\"\"\n\t\t\t\t\t\t>\n\t\t\t\t\t\t\tAdicionar ao calend\u00e1rio\t\t\t\t\t\t<\/button>\n\t\t\t\t\t\t<svg  class=\"tribe-common-c-svgicon tribe-common-c-svgicon--caret-down tribe-events-c-subscribe-dropdown__button-icon\"  viewBox=\"0 0 10 7\" xmlns=\"http:\/\/www.w3.org\/2000\/svg\" aria-hidden=\"true\"><path fill-rule=\"evenodd\" clip-rule=\"evenodd\" d=\"M1.008.609L5 4.6 8.992.61l.958.958L5 6.517.05 1.566l.958-.958z\" class=\"tribe-common-c-svgicon__svg-fill\"\/><\/svg>\n\t\t\t\t\t<\/div>\n\t\t\t\t\t<div id=\"tribe-events-subscribe-dropdown-content\" class=\"tribe-events-c-subscribe-dropdown__content\">\n\t\t\t\t\t\t<ul class=\"tribe-events-c-subscribe-dropdown__list\">\n\t\t\t\t\t\t\t\t\t\t\t\t\t\t\t<li class=\"tribe-events-c-subscribe-dropdown__list-item\">\n\t\t\t\t\t\t\t\t\t<a\n\t\t\t\t\t\t\t\t\t\thref=\"https:\/\/www.google.com\/calendar\/event?action=TEMPLATE&#038;dates=20230908T210000\/20230908T230000&#038;text=III%20Edi%C3%A7%C3%A3o%20dos%20Flamengos%20Folk&#038;details=%3Cul%3E%3Cli%3EGrupo+Folcl%C3%B3rico+CACI+da+Santa+Casa+da+Miseric%C3%B3rdia+da+Horta%3C%2Fli%3E%3Cli%3ETuna+e+Grupo+Folcl%C3%B3rico+dos+Flamengos%3C%2Fli%3E%3Cli%3EGrupo+Folcl%C3%B3rico+e+Etnogr%C3%A1fico+de+Castelo+Branco%3C%2Fli%3E%3Cli%3EGrupo+Folcl%C3%B3rico+e+Etnogr%C3%A1fico+de+Pedro+Miguel%3C%2Fli%3E%3Cli%3EGrupo+Etnografia+e+Folclore+Aja+Baile%3C%2Fli%3E%3Cli%3EGrupo+Folcl%C3%B3rico+da+Casa+do+Povo+da+Cria%C3%A7%C3%A3o+Velha+da+ilha+do+Pico%3C%2Fli%3E%3C%2Ful%3E&#038;trp=false&#038;ctz=UTC+0&#038;sprop=website:https:\/\/www.flamengos.pt\/jff\"\n\t\t\t\t\t\t\t\t\t\tclass=\"tribe-events-c-subscribe-dropdown__list-item-link\"\n\t\t\t\t\t\t\t\t\t\ttarget=\"_blank\"\n\t\t\t\t\t\t\t\t\t\trel=\"noopener noreferrer nofollow noindex\"\n\t\t\t\t\t\t\t\t\t>\n\t\t\t\t\t\t\t\t\t\tCalend\u00e1rio Google\t\t\t\t\t\t\t\t\t<\/a>\n\t\t\t\t\t\t\t\t<\/li>\n\t\t\t\t\t\t\t\t\t\t\t\t\t\t\t<li class=\"tribe-events-c-subscribe-dropdown__list-item\">\n\t\t\t\t\t\t\t\t\t<a\n\t\t\t\t\t\t\t\t\t\thref=\"\"\n\t\t\t\t\t\t\t\t\t\tclass=\"tribe-events-c-subscribe-dropdown__list-item-link\"\n\t\t\t\t\t\t\t\t\t\ttarget=\"_blank\"\n\t\t\t\t\t\t\t\t\t\trel=\"noopener noreferrer nofollow noindex\"\n\t\t\t\t\t\t\t\t\t>\n\t\t\t\t\t\t\t\t\t\tiCalendar\t\t\t\t\t\t\t\t\t<\/a>\n\t\t\t\t\t\t\t\t<\/li>\n\t\t\t\t\t\t\t\t\t\t\t\t\t\t\t<li class=\"tribe-events-c-subscribe-dropdown__list-item\">\n\t\t\t\t\t\t\t\t\t<a\n\t\t\t\t\t\t\t\t\t\thref=\"\"\n\t\t\t\t\t\t\t\t\t\tclass=\"tribe-events-c-subscribe-dropdown__list-item-link\"\n\t\t\t\t\t\t\t\t\t\ttarget=\"_blank\"\n\t\t\t\t\t\t\t\t\t\trel=\"noopener noreferrer nofollow noindex\"\n\t\t\t\t\t\t\t\t\t>\n\t\t\t\t\t\t\t\t\t\tOutlook 365\t\t\t\t\t\t\t\t\t<\/a>\n\t\t\t\t\t\t\t\t<\/li>\n\t\t\t\t\t\t\t\t\t\t\t\t\t\t\t<li class=\"tribe-events-c-subscribe-dropdown__list-item\">\n\t\t\t\t\t\t\t\t\t<a\n\t\t\t\t\t\t\t\t\t\thref=\"\"\n\t\t\t\t\t\t\t\t\t\tclass=\"tribe-events-c-subscribe-dropdown__list-item-link\"\n\t\t\t\t\t\t\t\t\t\ttarget=\"_blank\"\n\t\t\t\t\t\t\t\t\t\trel=\"noopener noreferrer nofollow noindex\"\n\t\t\t\t\t\t\t\t\t>\n\t\t\t\t\t\t\t\t\t\tOutlook Live\t\t\t\t\t\t\t\t\t<\/a>\n\t\t\t\t\t\t\t\t<\/li>\n\t\t\t\t\t\t\t\t\t\t\t\t\t<\/ul>\n\t\t\t\t\t<\/div>\n\t\t\t\t<\/div>\n\t\t\t<\/div>\n\t\t<\/div>\n\t<\/div>\n\n","protected":false},"excerpt":{"rendered":"","protected":false},"author":1,"featured_media":2180,"comment_status":"closed","ping_status":"closed","template":"","meta":{"_EventAllDay":false,"_EventTimezone":"UTC+0","_EventStartDate":"2023-09-08 21:00:00","_EventEndDate":"2023-09-08 23:00:00","_EventStartDateUTC":"2023-09-08 21:00:00","_EventEndDateUTC":"2023-09-08 23:00:00","_EventShowMap":false,"_EventShowMapLink":false,"_EventURL":"","_EventCost":"","_EventCostDescription":"","_EventCurrencySymbol":"\u20ac","_EventCurrencyCode":"EUR","_EventCurrencyPosition":"suffix","_EventDateTimeSeparator":" @ ","_EventTimeRangeSeparator":" - ","_EventOrganizerID":[2185],"_EventVenueID":[],"_OrganizerEmail":"","_OrganizerPhone":"","_OrganizerWebsite":"","_VenueAddress":"","_VenueCity":"","_VenueCountry":"","_VenueProvince":"","_VenueState":"","_VenueZip":"","_VenuePhone":"","_VenueURL":"","_VenueStateProvince":"","_VenueLat":"","_VenueLng":"","_VenueShowMap":false,"_VenueShowMapLink":false,"_tribe_events_status":"","_tribe_events_status_reason":"","footnotes":""},"tags":[],"tribe_events_cat":[81,80],"class_list":["post-2191","tribe_events","type-tribe_events","status-publish","has-post-thumbnail","hentry","tribe_events_cat-evento","tribe_events_cat-executivo","cat_evento","cat_executivo"],"aioseo_notices":[],"_links":{"self":[{"href":"https:\/\/www.flamengos.pt\/jff\/wp-json\/wp\/v2\/tribe_events\/2191","targetHints":{"allow":["GET"]}}],"collection":[{"href":"https:\/\/www.flamengos.pt\/jff\/wp-json\/wp\/v2\/tribe_events"}],"about":[{"href":"https:\/\/www.flamengos.pt\/jff\/wp-json\/wp\/v2\/types\/tribe_events"}],"author":[{"embeddable":true,"href":"https:\/\/www.flamengos.pt\/jff\/wp-json\/wp\/v2\/users\/1"}],"replies":[{"embeddable":true,"href":"https:\/\/www.flamengos.pt\/jff\/wp-json\/wp\/v2\/comments?post=2191"}],"version-history":[{"count":0,"href":"https:\/\/www.flamengos.pt\/jff\/wp-json\/wp\/v2\/tribe_events\/2191\/revisions"}],"wp:featuredmedia":[{"embeddable":true,"href":"https:\/\/www.flamengos.pt\/jff\/wp-json\/wp\/v2\/media\/2180"}],"wp:attachment":[{"href":"https:\/\/www.flamengos.pt\/jff\/wp-json\/wp\/v2\/media?parent=2191"}],"wp:term":[{"taxonomy":"post_tag","embeddable":true,"href":"https:\/\/www.flamengos.pt\/jff\/wp-json\/wp\/v2\/tags?post=2191"},{"taxonomy":"tribe_events_cat","embeddable":true,"href":"https:\/\/www.flamengos.pt\/jff\/wp-json\/wp\/v2\/tribe_events_cat?post=2191"}],"curies":[{"name":"wp","href":"https:\/\/api.w.org\/{rel}","templated":true}]}}